{"id":2838,"date":"2014-10-30T19:05:06","date_gmt":"2014-10-30T22:05:06","guid":{"rendered":"http:\/\/sheilahughmackay.com\/shmf\/?page_id=2838"},"modified":"2024-09-10T10:36:10","modified_gmt":"2024-09-10T13:36:10","slug":"mission","status":"publish","type":"page","link":"https:\/\/sheilahughmackay.ca\/fr\/fondation\/mission-2\/","title":{"rendered":"Notre mission"},"content":{"rendered":"<p><strong>La Fondation Sheila Hugh Mackay<\/strong> vise \u00e0 promouvoir et appuyer la cr\u00e9ation, la mise en valeur et la compr\u00e9hension des arts visuels au moyen de prix, de projets \u00e9ducatifs, de programmes de subventions et d\u2019activit\u00e9s de d\u00e9fense des int\u00e9r\u00eats artistiques.<\/p>\n<div id=\"attachment_4548\" style=\"width: 328px\" class=\"wp-caption aligncenter\"><a href=\"http:\/\/sheilahughmackay.ca\/\/wp-content\/uploads\/2016\/02\/jason-alcorn-port.jpg\"><img aria-describedby=\"caption-attachment-4548\" loading=\"lazy\" src=\"http:\/\/sheilahughmackay.ca\/\/wp-content\/uploads\/2016\/02\/jason-alcorn-port.jpg\" alt=\"\" width=\"318\" height=\"224\" class=\"size-full wp-image-4548\" srcset=\"https:\/\/sheilahughmackay.ca\/wp-content\/uploads\/2016\/02\/jason-alcorn-port.jpg 318w, https:\/\/sheilahughmackay.ca\/wp-content\/uploads\/2016\/02\/jason-alcorn-port-300x211.jpg 300w\" sizes=\"(max-width: 318px) 100vw, 318px\" \/><\/a><p id=\"caption-attachment-4548\" class=\"wp-caption-text\">Jason Alcorn, Chair<\/p><\/div>\n<h3>Message de pr\u00e9sidente du conseil d\u2019administration<\/h3>\n<p>Dans l\u2019esprit de Sheila, nous voulons faire du Nouveau-Brunswick une province o\u00f9 les artistes sont soutenus, compris et valoris\u00e9s.<\/p>\n<p>La Fondation ne peut pas et ne veut pas se substituer \u00e0 la responsabilit\u00e9 des gouvernements f\u00e9d\u00e9ral et provincial, ni aux engagements des institutions publiques ou professionnelles qui \u0153uvrent dans le secteur des arts visuels. Mais nous pouvons et voulons devenir des partenaires engag\u00e9s qui ouvrent de nouvelles voies, permettant de nouvelles actions, ou encore enrichissant ce qui existe d\u00e9j\u00e0.<\/p>\n<p>Jason Alcorn, Pr\u00e9sident du Conseil d\u2019administration<\/p>","protected":false},"excerpt":{"rendered":"<p>La Fondation Sheila Hugh Mackay vise \u00e0 promouvoir et appuyer la cr\u00e9ation, la mise en valeur et la compr\u00e9hension des arts visuels au moyen de prix, de projets \u00e9ducatifs, de programmes de subventions et d\u2019activit\u00e9s de d\u00e9fense des int\u00e9r\u00eats artistiques. Message de pr\u00e9sidente du conseil d\u2019administration Dans l\u2019esprit de Sheila, nous voulons faire du Nouveau-Brunswick<a href=\"https:\/\/sheilahughmackay.ca\/fr\/fondation\/mission-2\/\">[&#8230;]<\/a><\/p>\n","protected":false},"author":1,"featured_media":0,"parent":5,"menu_order":1,"comment_status":"closed","ping_status":"closed","template":"","meta":[],"_links":{"self":[{"href":"https:\/\/sheilahughmackay.ca\/fr\/wp-json\/wp\/v2\/pages\/2838"}],"collection":[{"href":"https:\/\/sheilahughmackay.ca\/fr\/wp-json\/wp\/v2\/pages"}],"about":[{"href":"https:\/\/sheilahughmackay.ca\/fr\/wp-json\/wp\/v2\/types\/page"}],"author":[{"embeddable":true,"href":"https:\/\/sheilahughmackay.ca\/fr\/wp-json\/wp\/v2\/users\/1"}],"replies":[{"embeddable":true,"href":"https:\/\/sheilahughmackay.ca\/fr\/wp-json\/wp\/v2\/comments?post=2838"}],"version-history":[{"count":14,"href":"https:\/\/sheilahughmackay.ca\/fr\/wp-json\/wp\/v2\/pages\/2838\/revisions"}],"predecessor-version":[{"id":8179,"href":"https:\/\/sheilahughmackay.ca\/fr\/wp-json\/wp\/v2\/pages\/2838\/revisions\/8179"}],"up":[{"embeddable":true,"href":"https:\/\/sheilahughmackay.ca\/fr\/wp-json\/wp\/v2\/pages\/5"}],"wp:attachment":[{"href":"https:\/\/sheilahughmackay.ca\/fr\/wp-json\/wp\/v2\/media?parent=2838"}],"curies":[{"name":"wp","href":"https:\/\/api.w.org\/{rel}","templated":true}]}}