{"id":2907,"date":"2014-11-04T16:42:47","date_gmt":"2014-11-04T20:42:47","guid":{"rendered":"http:\/\/sheilahughmackay.com\/shmf\/?page_id=2907"},"modified":"2016-10-14T17:37:13","modified_gmt":"2016-10-14T20:37:13","slug":"imagined-dialogues","status":"publish","type":"page","link":"https:\/\/sheilahughmackay.ca\/fr\/subventions\/les-sheila\/les-sheilas-2013\/subventions-sheila-2013-galerie-colline\/","title":{"rendered":"Sheila Grant 2013 &#8211; Galerie Colline"},"content":{"rendered":"<p><\/p>\n<h2>Dialogues imagin\u00e9s<\/h2>\n<p><a href=\"http:\/\/sheilahughmackay.ca\/\/wp-content\/uploads\/2016\/01\/galerie-colline-logo.jpg\"><img loading=\"lazy\" src=\"http:\/\/sheilahughmackay.ca\/\/wp-content\/uploads\/2016\/01\/galerie-colline-logo.jpg\" alt=\"galerie-colline-logo\" width=\"160\" height=\"160\" class=\"alignleft size-full wp-image-3911\" \/><\/a>La Fondation Sheila Hugh Mackay \u00e9tait fi\u00e8re de presenter Dialogues imagines  en partenariat avec La Galerie Colline, le Centre des arts de la Petite \u00e9glise d\u2019Edmunston, la Galerie d\u2019art Beaverbrook et le Congr\u00e8s mondial acadien 2014.  Cette exposition interg\u00e9n\u00e9rationnelle unique, qui a reunit\u00e9 l\u2019oeuvre de 14 cr\u00e9ateurs et cr\u00e9atrices du Mouveau-Brunswick, cristallise l\u2019essence de la culture acadienne contemporaine. Tout au long de l\u2019\u00e9t\u00e9 2014, ces artistes n\u00e9o-bruswickois \u00e9taient au premier plan d\u2019une celebration mondiale de la culture fran\u00e7aise \u00e0 Edmunston. Ils \u00e9taient \u00e9galement au Coeur des expositions que la Galerie d\u2019art Beaverbrook pr\u00e9sent\u00e9 en automne 2014.<\/p>\n<p>Depuis sa creation en 1987, la Fondation Sheila Hugh Mackay s\u2019appuyant sur la conviction que chaque projet unique contribute au d\u00e9veloppement des arts visuels au Nouveau Brunswick, soutient un large \u00e9vantail de projets sp\u00e9ciaux, en plus d\u2019offrir different programmes des bourses et de prix.  En attribuant une importante subvention \u00e0 Dialogues imagines en 2014, La Fondation reconna\u00eet la vision et le d\u00e9vouement des presonnes qui ont men\u00e9 \u00e0 bien cet ambitieux projet.  F\u00e9licitations \u00e0 Christian Michaud et \u00e0 Vicky Lentz pour leur efforts inlassable qui ont permi de faire de ces <dialogues> une r\u00e9alit\u00e9.  L\u2019expertise en conservation de Terry Graff et l\u2019engagement de la Galerie d\u2019art Beaverbrook \u00e0 l\u2019\u00e9gard de ce projet a eu pour effet d\u2019enrichir la visite de cette exposition.<\/p>\n<p>F\u00e9licitons et remerions sinc\u00e8rement les artistes Marie H\u00e9l\u00e8ne Allain, Jacques Arseneault, Louise Bourque, Luc A Charette, Herm\u00e9n\u00e9gilde Chiasson, L\u00e9o-Paul Cyr, \u00c9veline Gallant Fournier, Andr\u00e9 Lapointe, Vicky Lentz, Chritian Michaud, Serge V. Richard, Claude Roussel, Rom\u00e9o Savoie et R\u00e9jean Toussaint, Vous enrichissez nos vies.<\/p>\n<p class=\"clear\">\n<ul class=\"bio-links\">\n<li>Dialogues Imagin\u00e9s &#8211; <a href=\"http:\/\/sheilahughmackay.ca\/\/wp-content\/uploads\/resources\/dialogues%2064p_low.pdf\">T\u00e9l\u00e9charger en PDF<\/a><\/li>\n<li><a href=\"https:\/\/www.facebook.com\/galerie.colline\">Galerie Colline on Facebook<\/a>. <\/li>\n<\/ul>\n<p><\/p>","protected":false},"excerpt":{"rendered":"<p>Dialogues imagin\u00e9s La Fondation Sheila Hugh Mackay \u00e9tait fi\u00e8re de presenter Dialogues imagines en partenariat avec La Galerie Colline, le Centre des arts de la Petite \u00e9glise d\u2019Edmunston, la Galerie d\u2019art Beaverbrook et le Congr\u00e8s mondial acadien 2014. Cette exposition interg\u00e9n\u00e9rationnelle unique, qui a reunit\u00e9 l\u2019oeuvre de 14 cr\u00e9ateurs et cr\u00e9atrices du Mouveau-Brunswick, cristallise l\u2019essence<a href=\"https:\/\/sheilahughmackay.ca\/fr\/subventions\/les-sheila\/les-sheilas-2013\/subventions-sheila-2013-galerie-colline\/\">[&#8230;]<\/a><\/p>\n","protected":false},"author":1,"featured_media":0,"parent":3804,"menu_order":0,"comment_status":"closed","ping_status":"closed","template":"","meta":[],"_links":{"self":[{"href":"https:\/\/sheilahughmackay.ca\/fr\/wp-json\/wp\/v2\/pages\/2907"}],"collection":[{"href":"https:\/\/sheilahughmackay.ca\/fr\/wp-json\/wp\/v2\/pages"}],"about":[{"href":"https:\/\/sheilahughmackay.ca\/fr\/wp-json\/wp\/v2\/types\/page"}],"author":[{"embeddable":true,"href":"https:\/\/sheilahughmackay.ca\/fr\/wp-json\/wp\/v2\/users\/1"}],"replies":[{"embeddable":true,"href":"https:\/\/sheilahughmackay.ca\/fr\/wp-json\/wp\/v2\/comments?post=2907"}],"version-history":[{"count":3,"href":"https:\/\/sheilahughmackay.ca\/fr\/wp-json\/wp\/v2\/pages\/2907\/revisions"}],"predecessor-version":[{"id":5431,"href":"https:\/\/sheilahughmackay.ca\/fr\/wp-json\/wp\/v2\/pages\/2907\/revisions\/5431"}],"up":[{"embeddable":true,"href":"https:\/\/sheilahughmackay.ca\/fr\/wp-json\/wp\/v2\/pages\/3804"}],"wp:attachment":[{"href":"https:\/\/sheilahughmackay.ca\/fr\/wp-json\/wp\/v2\/media?parent=2907"}],"curies":[{"name":"wp","href":"https:\/\/api.w.org\/{rel}","templated":true}]}}