{"id":3977,"date":"2016-01-13T15:58:26","date_gmt":"2016-01-13T19:58:26","guid":{"rendered":"http:\/\/sheilahughmackay.com\/shmf\/?page_id=3977"},"modified":"2016-11-17T14:31:58","modified_gmt":"2016-11-17T18:31:58","slug":"signature-grants-2015-arcs","status":"publish","type":"page","link":"https:\/\/sheilahughmackay.ca\/fr\/subventions\/subventions-signature\/subventions-signature-pour-residencies\/","title":{"rendered":"Signature Grants &#8211; R\u00e9sidences"},"content":{"rendered":"<p><\/p>\n<h2>Favoriser les possibilit\u00e9s de perfectionnement professionnel.<\/h2>\n<p>En 2015, le conseil d\u2019administration s\u2019est engag\u00e9 dans un projet phare ayant pour but de promouvoir les possibilit\u00e9s dans le domaine des r\u00e9sidences cr\u00e9atives. R\u00e9agissant aux commentaires de la communaut\u00e9 artistique, du financement a \u00e9t\u00e9 consacr\u00e9 \u00e0 soutenir la croissance des r\u00e9sidences cr\u00e9atives. Une collaboration avec les chefs de file \u00e9tablis de la province a d\u00e9bouch\u00e9 sur l\u2019\u00e9tablissement des bourses ou subventions suivantes\u00a0:<\/p>\n<h3>R\u00e9sidence internationale de la FSHM pour la cr\u00e9ativit\u00e9<\/h3>\n<p><a href=\"http:\/\/sheilahughmackay.ca\/\/wp-content\/uploads\/2016\/01\/atrsnb-logo.jpg\"><img loading=\"lazy\" class=\"alignright size-medium wp-image-4128\" src=\"http:\/\/sheilahughmackay.ca\/\/wp-content\/uploads\/2016\/01\/atrsnb-logo-320x60.jpg\" alt=\"atrsnb-logo\" width=\"320\" height=\"60\" \/><\/a>Conseil des arts du Nouveau-Brunswick (artsnb) et la Fondation Sheila Hugh Mackay se sont associ\u00e9s dans un projet pilote de r\u00e9sidences artistiques. Une contribution 10 000 $a \u00e9t\u00e9 fait \u00e0 artsnb en vue de cr\u00e9er des possibilit\u00e9s pour les artistes professionnels en arts visuels du Nouveau-Brunswick de participer \u00e0 un projet de perfectionnement ax\u00e9 sur la cr\u00e9ation.<\/p>\n<p><a href=\"http:\/\/sheilahughmackay.ca\/\/wp-content\/uploads\/2016\/01\/flags-grants2016.jpg\"><img loading=\"lazy\" class=\"alignleft size-full wp-image-5106\" src=\"http:\/\/sheilahughmackay.ca\/\/wp-content\/uploads\/2016\/01\/flags-grants2016.jpg\" alt=\"flags-grants2016\" width=\"50\" height=\"110\" \/><\/a><a href=\"http:\/\/sheilahughmackay.ca\/\/wp-content\/uploads\/2016\/01\/flags-grants-e1453325299245.jpg\"><img loading=\"lazy\" class=\"alignleft size-full wp-image-4133\" src=\"http:\/\/sheilahughmackay.ca\/\/wp-content\/uploads\/2016\/01\/flags-grants-e1453325299245.jpg\" alt=\"flags-grants\" width=\"50\" height=\"120\" \/><\/a>Un jury compos\u00e9 d&#8217;artistes professionnels a attribu\u00e9 des bourses aux personnes suivantes\u00a0:<br \/>\n<strong>2016<\/strong><\/p>\n<ul>\n<li><strong>Mathieu L\u00e9ger<\/strong> pour une r\u00e9sidence en Belgique<\/li>\n<li><strong>Nick Paul<\/strong> pour une r\u00e9sidence aux \u00c9tats-Unis<\/li>\n<li><strong>Danielle Hogan<\/strong> pour une r\u00e9sidence en Espagne<\/li>\n<\/ul>\n<p><strong>2015<\/strong><\/p>\n<ul>\n<li><strong>Jules Forgues<\/strong> pour une r\u00e9sidence au Japon<\/li>\n<li><strong>Leah Garnett<\/strong> pour une r\u00e9sidence dans le Comt\u00e9 de Cork, en Irlande<\/li>\n<li><strong>Mathieu L\u00e9ger<\/strong> pour une r\u00e9sidence \u00e0 Gen\u00e8ve, en Suisse<\/li>\n<\/ul>\n<h3>Le programme de r\u00e9sidence en critique d\u2019art de la Fondation Sheila Hugh Mackay<\/h3>\n<p><a href=\"http:\/\/sheilahughmackay.ca\/\/wp-content\/uploads\/2016\/01\/Edgar-Allen-Beem.jpg\"><img class=\"alignright size-medium wp-image-4114\" src=\"http:\/\/sheilahughmackay.ca\/\/wp-content\/uploads\/2016\/01\/Edgar-Allen-Beem-247x320.jpg\" alt=\"Edgar Allen Beem\" width=\"120\" \/><\/a>La Fondation Sheila Hugh Mackay s\u2019est associ\u00e9e \u00e0 la Galerie d&#8217;art Beaverbrook pour \u00e9tablir un programme de r\u00e9sidence en critique d\u2019art. \u00ab\u00a0En 2014, un processus intensif de consultation a fait ressortir le besoin de discours critique pour favoriser le d\u00e9veloppement professionnel des artistes du Nouveau-Brunswick\u00a0\u00bb, explique Louise Imbeault, pr\u00e9sidente du conseil d\u2019administration de la Fondation Sheila Hugh Mackay. \u00ab\u00a0Nous sommes fiers de collaborer avec la Galerie d&#8217;art Beaverbrook pour mettre sur pied un programme de critique en r\u00e9sidence, qui promet d\u2019enrichir la culture d\u2019appr\u00e9ciation critique [de l\u2019art] dans notre province.\u00a0\u00bb &#8211; <a href=\"http:\/\/sheilahughmackay.ca\/\/fr\/grants\/signature-grants\/signature-grants-residencies\/critic-residency-program\/\">plus info<\/a><\/p>\n<h3>Programme de visites d\u2019artistes dans des centres autog\u00e9r\u00e9s du Nouveau-Brunswick<\/h3>\n<p>Chacun des cinq centres d&#8217;artistes autog\u00e9r\u00e9s b\u00e9n\u00e9ficiant d\u2019une reconnaissance provinciale s\u2019est occup\u00e9 d\u2019\u00e9laborer des programmes d\u2019accueil d\u2019artistes en visite. Le contact avec des pratiques artistiques diff\u00e9rentes apporte un enrichissement aux communaut\u00e9s locales ainsi qu\u2019une possibilit\u00e9 de travailler et de r\u00e9fl\u00e9chir avec des artistes en visite.<\/p>\n<p>Des bourses de 2000\u00a0$ ont \u00e9t\u00e9 accord\u00e9es aux artistes suivants\u00a0:<\/p>\n<ul>\n<li><strong>Tanya Busse<\/strong>, artiste internationale en vid\u00e9o et installations, qui vit en Norv\u00e8ge.<\/li>\n<li><strong>Andrew John Milne<\/strong>, un artiste interdisciplinaire de Winnipeg qui voyage avec son exposition mobile en nouveaux m\u00e9dias intitul\u00e9e Museum of New Ideas<\/li>\n<li><strong>Kristen McCrea<\/strong> du Struts and Faucett Media Arts Centre, une artiste multidisciplinaire de Toronto qui a expos\u00e9 Werewolf Ladies<\/li>\n<li><strong>Erika Adams<\/strong>, ma\u00eetre-imprimeure enseignant actuellement \u00e0 l\u2019Universit\u00e9 Concordia de Montr\u00e9al<\/li>\n<li><strong>D\u2019Arcy Wilson<\/strong>, une artiste interdisciplinaire qui est aussi charg\u00e9e de cours en peinture et dessin \u00e0 l\u2019Universit\u00e9 Memorial \u00e0 Grenfell<\/li>\n<li><strong>Olya Zarapina<\/strong>, une artiste en installations de Montr\u00e9al<\/li>\n<\/ul>\n<p><\/p>","protected":false},"excerpt":{"rendered":"<p>Favoriser les possibilit\u00e9s de perfectionnement professionnel. En 2015, le conseil d\u2019administration s\u2019est engag\u00e9 dans un projet phare ayant pour but de promouvoir les possibilit\u00e9s dans le domaine des r\u00e9sidences cr\u00e9atives. R\u00e9agissant aux commentaires de la communaut\u00e9 artistique, du financement a \u00e9t\u00e9 consacr\u00e9 \u00e0 soutenir la croissance des r\u00e9sidences cr\u00e9atives. Une collaboration avec les chefs de<a href=\"https:\/\/sheilahughmackay.ca\/fr\/subventions\/subventions-signature\/subventions-signature-pour-residencies\/\">[&#8230;]<\/a><\/p>\n","protected":false},"author":1,"featured_media":0,"parent":3615,"menu_order":0,"comment_status":"closed","ping_status":"closed","template":"","meta":[],"_links":{"self":[{"href":"https:\/\/sheilahughmackay.ca\/fr\/wp-json\/wp\/v2\/pages\/3977"}],"collection":[{"href":"https:\/\/sheilahughmackay.ca\/fr\/wp-json\/wp\/v2\/pages"}],"about":[{"href":"https:\/\/sheilahughmackay.ca\/fr\/wp-json\/wp\/v2\/types\/page"}],"author":[{"embeddable":true,"href":"https:\/\/sheilahughmackay.ca\/fr\/wp-json\/wp\/v2\/users\/1"}],"replies":[{"embeddable":true,"href":"https:\/\/sheilahughmackay.ca\/fr\/wp-json\/wp\/v2\/comments?post=3977"}],"version-history":[{"count":26,"href":"https:\/\/sheilahughmackay.ca\/fr\/wp-json\/wp\/v2\/pages\/3977\/revisions"}],"predecessor-version":[{"id":5623,"href":"https:\/\/sheilahughmackay.ca\/fr\/wp-json\/wp\/v2\/pages\/3977\/revisions\/5623"}],"up":[{"embeddable":true,"href":"https:\/\/sheilahughmackay.ca\/fr\/wp-json\/wp\/v2\/pages\/3615"}],"wp:attachment":[{"href":"https:\/\/sheilahughmackay.ca\/fr\/wp-json\/wp\/v2\/media?parent=3977"}],"curies":[{"name":"wp","href":"https:\/\/api.w.org\/{rel}","templated":true}]}}